{"id":3447,"date":"2016-09-28T08:31:36","date_gmt":"2016-09-28T07:31:36","guid":{"rendered":"http:\/\/dvd-vratisinec.hr\/?page_id=3447"},"modified":"2016-09-28T08:31:36","modified_gmt":"2016-09-28T07:31:36","slug":"augustin-cisar-gusti","status":"publish","type":"page","link":"https:\/\/dvd-vratisinec.hr\/?page_id=3447","title":{"rendered":"Augustin \u010cisar &#8211; Gusti"},"content":{"rendered":"<figure id=\"attachment_3440\" aria-describedby=\"caption-attachment-3440\" style=\"width: 244px\" class=\"wp-caption alignleft\"><img loading=\"lazy\" decoding=\"async\" class=\"wp-image-3440 size-full\" src=\"https:\/\/dvd-vratisinec.hr\/wp-content\/uploads\/2016\/09\/60-godina-rada-prima-augustin-cisar-kozar-stjepan-predsjednik-srpak-ivan-ispred-vzpjpg-e1465209704959-750x290.jpg\" alt=\"Augustin \u010cisar 1935. - 2016.\" width=\"244\" height=\"201\" \/><figcaption id=\"caption-attachment-3440\" class=\"wp-caption-text\"><strong>\u00a0 \u00a0 \u00a0 \u00a0 \u00a0 \u00a0 \u00a0 \u00a0 \u00a0 \u00a0 \u00a0Augustin \u010cisar \u00a0 \u00a0 \u00a0 \u00a0 \u00a0 \u00a0 \u00a0 \u00a0 \u00a0 \u00a0 \u00a01935. &#8211; 2016.<\/strong><\/figcaption><\/figure>\n<p style=\"text-align: justify;\"><strong>August \u010cisar<\/strong> ro\u0111en je 30. srpnja 1935. godine u Vrati\u0161incu gdje je proveo cijeli svoj \u017eivot. \u010clan je Dobrovoljnog vatrogasnog dru\u0161tva Vrati\u0161inec od 1953. godine. 1968.godine pola\u017ee \u00a0prvi ispit i postaje vatrogasac. 1972. godine pola\u017ee ispit za strojara dok je 1999. stekao zvanje po\u010dasnog vi\u0161eg vatrogasnog \u010dasnika. Zbog svoga aktivnog i nesebi\u010dnog rada u dru\u0161tvu \u010dlanovi DVD-a\u00a0 Vrati\u0161inec biraju ga za \u010dlana Upravnog odbora ve\u0107 1962. godine, 1962. izabran je za blagajnika Dru\u0161tva dok je od 1965. obna\u0161ao du\u017enost tajnika Dru\u0161tva. Obna\u0161ao je i du\u017enost zapisni\u010dara. Do izborne skup\u0161tine 2009. godine bio je predsjednik Nadzornog\u00a0 odbora, no njegov rad u Dru\u0161tvu ne prestaje te savjetima i iskustvom poma\u017ee daljnjem razvoju vatrogastva.<\/p>\n<p style=\"text-align: justify;\">U svom radu u vatrogastvu zalagao se u o\u010duvanju 90. godi\u0161nje\u00a0 tradicije vatrogastva u Vrati\u0161incu obavljaju\u0107i nesebi\u010dno i marljivo sve postavljene zada\u0107e. U svom radu \u010desto je \u017ertvovao svoje slobodno vrijeme ili ostavljao druge poslove i odlazio na provo\u0111enje svih zada\u0107a.<\/p>\n<p style=\"text-align: justify;\">70-tih i 80-tih godina bio je istaknuti mentor djece i mlade\u017ei DVD-a Vrati\u0161inec. Sa svojim ekipa vi\u0161e puta su osvajali odli\u010dja te nastupali na kotarskim i republi\u010dkim natjecanjima. Najzna\u010dajniji rezultat je osvojeno 3.mjesto na republi\u010dkom natjecanju odr\u017eanom u Splitu 1983. godine. Osim vje\u017ebateljskog posla bio je aktivan i u mu\u0161kim A i B ekipama te ja sudjelovao na raznim natjecanjima.<\/p>\n<p style=\"text-align: justify;\">Za svoj rad u vatrogastvu vi\u0161ekratno je primio zahvalnice za rad, te je pohvaljivan, a tako\u0111er je odlikovan\u00a0 srebrnom i zlatnom vatrogasnom medaljom, dok je ujedno i primio spomenice za 10, 20, 30, 40, 50 i 60 godina rada u vatrogastvu, zlatnu plaketu DVD-a Vrati\u0161inec povodom 70. obljetnice rada dru\u0161tva, zlatni vez povodom 85. obljetnice rada dru\u0161tva.<\/p>\n<ol style=\"text-align: justify;\" start=\"1986\">\n<li>godine primio je Vatrogasnu zvijezdu II. reda Vatrogasnog saveza Jugoslavije.<\/li>\n<li>primio je znamenje te je postao vatrogasni veteran.<\/li>\n<\/ol>\n<p style=\"text-align: justify;\">Tijekom 1999. godine stekao je najvi\u0161e vatrogasno zvanje i to zvanje po\u010dasnog vi\u0161eg vatrogasnog \u010dasnika.<\/p>\n<ol style=\"text-align: justify;\" start=\"2006\">\n<li>godine Hrvatska Vatrogasna Zajednica odlikovala ga je zlatnom medaljom za doprinos vatrogastvu. .<\/li>\n<\/ol>\n<p style=\"text-align: justify;\">Njegov rad prepoznala je i op\u0107ina Vrati\u0161inec te mu je 2009. godine dodijeljen Pe\u010dat Op\u0107ine Vrati\u0161inec.<\/p>\n<p style=\"text-align: justify;\">23.07.2016.godine primio je jedno od najve\u0107ih odli\u010dja &#8211; medalju Hrvatske Vatrogasne Zajednice za posebne zasluge.<\/p>\n<p style=\"text-align: justify;\">U ime DVD-a Vrati\u0161inec i svih vatrogasaca izri\u010demo zahvalnost tebi osobno Augustine za sve \u0161to si u\u010dinio za svoga \u017eivotnog vijeka jednostavnom rije\u010dju koja izra\u017eava svu na\u0161u zahvalnost i na\u0161e po\u0161tovanje prema tebi &#8211; <strong><em>HVALA.<\/em><\/strong><\/p>\n<p style=\"text-align: justify;\"><strong><em>\u0160tovani <\/em><\/strong><strong>Augustine,<em> neka ti laka ova me\u0111imurska zemljica i neka ti je vje\u010dna slava i hvala \u00a0\u00a0<\/em><\/strong><\/p>\n<p style=\"text-align: justify;\">\n","protected":false},"excerpt":{"rendered":"<p>August \u010cisar ro\u0111en je 30. srpnja 1935. godine u Vrati\u0161incu gdje je proveo cijeli svoj \u017eivot. \u010clan je Dobrovoljnog vatrogasnog dru\u0161tva Vrati\u0161inec od 1953. godine. 1968.godine pola\u017ee \u00a0prvi ispit i postaje vatrogasac. 1972. godine pola\u017ee ispit za strojara dok je 1999. stekao zvanje po\u010dasnog vi\u0161eg vatrogasnog \u010dasnika. Zbog svoga aktivnog i nesebi\u010dnog rada u dru\u0161tvu [&hellip;]<\/p>\n","protected":false},"author":1,"featured_media":0,"parent":0,"menu_order":0,"comment_status":"closed","ping_status":"closed","template":"","meta":{"rop_custom_images_group":[],"rop_custom_messages_group":[],"rop_publish_now":"initial","rop_publish_now_accounts":[],"rop_publish_now_history":[],"rop_publish_now_status":"pending","ngg_post_thumbnail":0,"footnotes":""},"class_list":["post-3447","page","type-page","status-publish","hentry"],"_links":{"self":[{"href":"https:\/\/dvd-vratisinec.hr\/index.php?rest_route=\/wp\/v2\/pages\/3447","targetHints":{"allow":["GET"]}}],"collection":[{"href":"https:\/\/dvd-vratisinec.hr\/index.php?rest_route=\/wp\/v2\/pages"}],"about":[{"href":"https:\/\/dvd-vratisinec.hr\/index.php?rest_route=\/wp\/v2\/types\/page"}],"author":[{"embeddable":true,"href":"https:\/\/dvd-vratisinec.hr\/index.php?rest_route=\/wp\/v2\/users\/1"}],"replies":[{"embeddable":true,"href":"https:\/\/dvd-vratisinec.hr\/index.php?rest_route=%2Fwp%2Fv2%2Fcomments&post=3447"}],"version-history":[{"count":1,"href":"https:\/\/dvd-vratisinec.hr\/index.php?rest_route=\/wp\/v2\/pages\/3447\/revisions"}],"predecessor-version":[{"id":3448,"href":"https:\/\/dvd-vratisinec.hr\/index.php?rest_route=\/wp\/v2\/pages\/3447\/revisions\/3448"}],"wp:attachment":[{"href":"https:\/\/dvd-vratisinec.hr\/index.php?rest_route=%2Fwp%2Fv2%2Fmedia&parent=3447"}],"curies":[{"name":"wp","href":"https:\/\/api.w.org\/{rel}","templated":true}]}}